{"id":178,"date":"2025-07-01T19:03:16","date_gmt":"2025-07-02T00:03:16","guid":{"rendered":"https:\/\/hotelvia45centro.com\/?post_type=mphb_room_type&#038;p=178"},"modified":"2026-05-15T10:37:35","modified_gmt":"2026-05-15T15:37:35","slug":"habitacion-sencilla","status":"publish","type":"mphb_room_type","link":"https:\/\/hotelvia45centro.com\/en\/accommodation\/habitacion-sencilla\/","title":{"rendered":"Habitaci\u00f3n Sencilla"},"content":{"rendered":"<h2>Habitaci\u00f3n Sencilla<\/h2>\n<p><strong>Confort y funcionalidad para tu estad\u00eda en el centro de Medell\u00edn<\/strong><\/p>\n<p>Nuestra habitaci\u00f3n sencilla es la opci\u00f3n perfecta para viajeros solos o parejas que buscan un espacio acogedor, c\u00f3modo y bien ubicado. Dise\u00f1ada para ofrecer descanso y practicidad, cuenta con una cama matrimonial de 1.40 m y todos los servicios necesarios para una estad\u00eda agradable.<\/p>\n<p>Ubicada en el coraz\u00f3n de Medell\u00edn, en el Distrito San Ignacio, esta habitaci\u00f3n te permite moverte f\u00e1cilmente por la ciudad, ya sea que vengas por turismo o negocios. Ideal para quienes valoran la comodidad sin pagar de m\u00e1s.<\/p>\n<div class=\"iconos-servicios\" style=\"flex-wrap: wrap; gap: 24px; justify-content: left; margin-top: 20px;\">\n<div style=\"text-align: center;\"><img decoding=\"async\" style=\"width: 48px; height: 48px;\" src=\"https:\/\/hotelvia45centro.com\/wp-content\/uploads\/2025\/07\/wifi.png\" alt=\"Wi-Fi\" \/>\u00a0 \u00a0 <img decoding=\"async\" style=\"width: 48px; height: 48px;\" src=\"https:\/\/hotelvia45centro.com\/wp-content\/uploads\/2025\/07\/television.png\" alt=\"TV\" \/>\u00a0 \u00a0 <img decoding=\"async\" style=\"width: 48px; height: 48px;\" src=\"https:\/\/hotelvia45centro.com\/wp-content\/uploads\/2025\/07\/cama-doble.png\" \/>\u00a0 \u00a0<img decoding=\"async\" style=\"width: 48px; height: 48px;\" src=\"https:\/\/hotelvia45centro.com\/wp-content\/uploads\/2025\/07\/nevera.png\" alt=\"camarote\" \/>\u00a0 \u00a0<img decoding=\"async\" style=\"width: 48px; height: 48px;\" src=\"https:\/\/hotelvia45centro.com\/wp-content\/uploads\/2025\/07\/ventilador.png\" alt=\"Aire\" \/><\/div>\n<p><!-- Repite este bloque para cada \u00edcono --><\/p>\n<\/div>","protected":false},"excerpt":{"rendered":"<p>La opci\u00f3n ideal para viajeros individuales o parejas que buscan un hotel c\u00f3modo en el centro de Medell\u00edn.<\/p>","protected":false},"featured_media":548,"menu_order":0,"template":"","mphb_room_type_category":[],"mphb_room_type_tag":[],"mphb_room_type_facility":[7,9,10,8,11],"class_list":["post-178","mphb_room_type","type-mphb_room_type","status-publish","has-post-thumbnail","hentry","mphb_room_type_facility-cama-matrimonial","mphb_room_type_facility-nevera","mphb_room_type_facility-televisor","mphb_room_type_facility-ventilador","mphb_room_type_facility-wi-fi","mphb-room-type-adults-2","mphb-room-type-children-0",""],"yoast_head":"<!-- This site is optimized with the Yoast SEO plugin v28.0 - https:\/\/yoast.com\/product\/yoast-seo-wordpress\/ -->\n<title>Habitaci\u00f3n Sencilla - Hotel V\u00eda 45 Centro | hotel en el coraz\u00f3n de Medell\u00edn<\/title>\n<meta name=\"robots\" content=\"index, follow, max-snippet:-1, max-image-preview:large, max-video-preview:-1\" \/>\n<link rel=\"canonical\" href=\"https:\/\/hotelvia45centro.com\/en\/accommodation\/habitacion-sencilla\/\" \/>\n<meta property=\"og:locale\" content=\"en_US\" \/>\n<meta property=\"og:type\" content=\"article\" \/>\n<meta property=\"og:title\" content=\"Habitaci\u00f3n Sencilla - Hotel V\u00eda 45 Centro | hotel en el coraz\u00f3n de Medell\u00edn\" \/>\n<meta property=\"og:description\" content=\"La opci\u00f3n ideal para viajeros individuales o parejas que buscan un hotel c\u00f3modo en el centro de Medell\u00edn.\" \/>\n<meta property=\"og:url\" content=\"https:\/\/hotelvia45centro.com\/en\/accommodation\/habitacion-sencilla\/\" \/>\n<meta property=\"og:site_name\" content=\"Hotel V\u00eda 45 Centro | hotel en el coraz\u00f3n de Medell\u00edn\" \/>\n<meta property=\"article:publisher\" content=\"https:\/\/www.facebook.com\/hotelvia45centro\" \/>\n<meta property=\"article:modified_time\" content=\"2026-05-15T15:37:35+00:00\" \/>\n<meta property=\"og:image\" content=\"https:\/\/hotelvia45centro.com\/wp-content\/uploads\/2025\/07\/cama-doble-hotel-45-centro-medellin.webp\" \/>\n\t<meta property=\"og:image:width\" content=\"1920\" \/>\n\t<meta property=\"og:image:height\" content=\"1082\" \/>\n\t<meta property=\"og:image:type\" content=\"image\/webp\" \/>\n<meta name=\"twitter:card\" content=\"summary_large_image\" \/>\n<meta name=\"twitter:label1\" content=\"Est. reading time\" \/>\n\t<meta name=\"twitter:data1\" content=\"2 minutes\" \/>\n<script type=\"application\/ld+json\" class=\"yoast-schema-graph\">{\"@context\":\"https:\\\/\\\/schema.org\",\"@graph\":[{\"@type\":\"WebPage\",\"@id\":\"https:\\\/\\\/hotelvia45centro.com\\\/accommodation\\\/habitacion-sencilla\\\/\",\"url\":\"https:\\\/\\\/hotelvia45centro.com\\\/accommodation\\\/habitacion-sencilla\\\/\",\"name\":\"Habitaci\u00f3n Sencilla - Hotel V\u00eda 45 Centro | hotel en el coraz\u00f3n de Medell\u00edn\",\"isPartOf\":{\"@id\":\"https:\\\/\\\/hotelvia45centro.com\\\/#website\"},\"primaryImageOfPage\":{\"@id\":\"https:\\\/\\\/hotelvia45centro.com\\\/accommodation\\\/habitacion-sencilla\\\/#primaryimage\"},\"image\":{\"@id\":\"https:\\\/\\\/hotelvia45centro.com\\\/accommodation\\\/habitacion-sencilla\\\/#primaryimage\"},\"thumbnailUrl\":\"https:\\\/\\\/hotelvia45centro.com\\\/wp-content\\\/uploads\\\/2025\\\/07\\\/cama-doble-hotel-45-centro-medellin.webp\",\"datePublished\":\"2025-07-02T00:03:16+00:00\",\"dateModified\":\"2026-05-15T15:37:35+00:00\",\"breadcrumb\":{\"@id\":\"https:\\\/\\\/hotelvia45centro.com\\\/accommodation\\\/habitacion-sencilla\\\/#breadcrumb\"},\"inLanguage\":\"en-US\",\"potentialAction\":[{\"@type\":\"ReadAction\",\"target\":[\"https:\\\/\\\/hotelvia45centro.com\\\/accommodation\\\/habitacion-sencilla\\\/\"]}]},{\"@type\":\"ImageObject\",\"inLanguage\":\"en-US\",\"@id\":\"https:\\\/\\\/hotelvia45centro.com\\\/accommodation\\\/habitacion-sencilla\\\/#primaryimage\",\"url\":\"https:\\\/\\\/hotelvia45centro.com\\\/wp-content\\\/uploads\\\/2025\\\/07\\\/cama-doble-hotel-45-centro-medellin.webp\",\"contentUrl\":\"https:\\\/\\\/hotelvia45centro.com\\\/wp-content\\\/uploads\\\/2025\\\/07\\\/cama-doble-hotel-45-centro-medellin.webp\",\"width\":1920,\"height\":1082},{\"@type\":\"BreadcrumbList\",\"@id\":\"https:\\\/\\\/hotelvia45centro.com\\\/accommodation\\\/habitacion-sencilla\\\/#breadcrumb\",\"itemListElement\":[{\"@type\":\"ListItem\",\"position\":1,\"name\":\"Portada\",\"item\":\"https:\\\/\\\/hotelvia45centro.com\\\/\"},{\"@type\":\"ListItem\",\"position\":2,\"name\":\"Tipos de alojamientos\",\"item\":\"https:\\\/\\\/hotelvia45centro.com\\\/accommodation\\\/\"},{\"@type\":\"ListItem\",\"position\":3,\"name\":\"Habitaci\u00f3n Sencilla\"}]},{\"@type\":\"WebSite\",\"@id\":\"https:\\\/\\\/hotelvia45centro.com\\\/#website\",\"url\":\"https:\\\/\\\/hotelvia45centro.com\\\/\",\"name\":\"Hotel V\u00eda 45 Centro\",\"description\":\"Descubre nuestro hotel boutique en el coraz\u00f3n de Medell\u00edn. Con ubicaci\u00f3n estrat\u00e9gica, estar\u00e1s a pasos de los principales atractivos tur\u00edsticos.\",\"publisher\":{\"@id\":\"https:\\\/\\\/hotelvia45centro.com\\\/#organization\"},\"potentialAction\":[{\"@type\":\"SearchAction\",\"target\":{\"@type\":\"EntryPoint\",\"urlTemplate\":\"https:\\\/\\\/hotelvia45centro.com\\\/?s={search_term_string}\"},\"query-input\":{\"@type\":\"PropertyValueSpecification\",\"valueRequired\":true,\"valueName\":\"search_term_string\"}}],\"inLanguage\":\"en-US\"},{\"@type\":\"Organization\",\"@id\":\"https:\\\/\\\/hotelvia45centro.com\\\/#organization\",\"name\":\"Hotel Via 45 Centro\",\"url\":\"https:\\\/\\\/hotelvia45centro.com\\\/\",\"logo\":{\"@type\":\"ImageObject\",\"inLanguage\":\"en-US\",\"@id\":\"https:\\\/\\\/hotelvia45centro.com\\\/#\\\/schema\\\/logo\\\/image\\\/\",\"url\":\"https:\\\/\\\/hotelvia45centro.com\\\/wp-content\\\/uploads\\\/2025\\\/07\\\/logo-hotel-via-45-centro-azul.png\",\"contentUrl\":\"https:\\\/\\\/hotelvia45centro.com\\\/wp-content\\\/uploads\\\/2025\\\/07\\\/logo-hotel-via-45-centro-azul.png\",\"width\":717,\"height\":344,\"caption\":\"Hotel Via 45 Centro\"},\"image\":{\"@id\":\"https:\\\/\\\/hotelvia45centro.com\\\/#\\\/schema\\\/logo\\\/image\\\/\"},\"sameAs\":[\"https:\\\/\\\/www.facebook.com\\\/hotelvia45centro\",\"https:\\\/\\\/www.instagram.com\\\/hotelvia45centro\\\/\"]}]}<\/script>\n<!-- \/ Yoast SEO plugin. -->","yoast_head_json":{"title":"Habitaci\u00f3n Sencilla - Hotel V\u00eda 45 Centro | hotel en el coraz\u00f3n de Medell\u00edn","robots":{"index":"index","follow":"follow","max-snippet":"max-snippet:-1","max-image-preview":"max-image-preview:large","max-video-preview":"max-video-preview:-1"},"canonical":"https:\/\/hotelvia45centro.com\/en\/accommodation\/habitacion-sencilla\/","og_locale":"en_US","og_type":"article","og_title":"Habitaci\u00f3n Sencilla - Hotel V\u00eda 45 Centro | hotel en el coraz\u00f3n de Medell\u00edn","og_description":"La opci\u00f3n ideal para viajeros individuales o parejas que buscan un hotel c\u00f3modo en el centro de Medell\u00edn.","og_url":"https:\/\/hotelvia45centro.com\/en\/accommodation\/habitacion-sencilla\/","og_site_name":"Hotel V\u00eda 45 Centro | hotel en el coraz\u00f3n de Medell\u00edn","article_publisher":"https:\/\/www.facebook.com\/hotelvia45centro","article_modified_time":"2026-05-15T15:37:35+00:00","og_image":[{"width":1920,"height":1082,"url":"https:\/\/hotelvia45centro.com\/wp-content\/uploads\/2025\/07\/cama-doble-hotel-45-centro-medellin.webp","type":"image\/webp"}],"twitter_card":"summary_large_image","twitter_misc":{"Est. reading time":"2 minutes"},"schema":{"@context":"https:\/\/schema.org","@graph":[{"@type":"WebPage","@id":"https:\/\/hotelvia45centro.com\/accommodation\/habitacion-sencilla\/","url":"https:\/\/hotelvia45centro.com\/accommodation\/habitacion-sencilla\/","name":"Habitaci\u00f3n Sencilla - Hotel V\u00eda 45 Centro | hotel en el coraz\u00f3n de Medell\u00edn","isPartOf":{"@id":"https:\/\/hotelvia45centro.com\/#website"},"primaryImageOfPage":{"@id":"https:\/\/hotelvia45centro.com\/accommodation\/habitacion-sencilla\/#primaryimage"},"image":{"@id":"https:\/\/hotelvia45centro.com\/accommodation\/habitacion-sencilla\/#primaryimage"},"thumbnailUrl":"https:\/\/hotelvia45centro.com\/wp-content\/uploads\/2025\/07\/cama-doble-hotel-45-centro-medellin.webp","datePublished":"2025-07-02T00:03:16+00:00","dateModified":"2026-05-15T15:37:35+00:00","breadcrumb":{"@id":"https:\/\/hotelvia45centro.com\/accommodation\/habitacion-sencilla\/#breadcrumb"},"inLanguage":"en-US","potentialAction":[{"@type":"ReadAction","target":["https:\/\/hotelvia45centro.com\/accommodation\/habitacion-sencilla\/"]}]},{"@type":"ImageObject","inLanguage":"en-US","@id":"https:\/\/hotelvia45centro.com\/accommodation\/habitacion-sencilla\/#primaryimage","url":"https:\/\/hotelvia45centro.com\/wp-content\/uploads\/2025\/07\/cama-doble-hotel-45-centro-medellin.webp","contentUrl":"https:\/\/hotelvia45centro.com\/wp-content\/uploads\/2025\/07\/cama-doble-hotel-45-centro-medellin.webp","width":1920,"height":1082},{"@type":"BreadcrumbList","@id":"https:\/\/hotelvia45centro.com\/accommodation\/habitacion-sencilla\/#breadcrumb","itemListElement":[{"@type":"ListItem","position":1,"name":"Portada","item":"https:\/\/hotelvia45centro.com\/"},{"@type":"ListItem","position":2,"name":"Tipos de alojamientos","item":"https:\/\/hotelvia45centro.com\/accommodation\/"},{"@type":"ListItem","position":3,"name":"Habitaci\u00f3n Sencilla"}]},{"@type":"WebSite","@id":"https:\/\/hotelvia45centro.com\/#website","url":"https:\/\/hotelvia45centro.com\/","name":"Hotel V\u00eda 45 Centro","description":"Descubre nuestro hotel boutique en el coraz\u00f3n de Medell\u00edn. Con ubicaci\u00f3n estrat\u00e9gica, estar\u00e1s a pasos de los principales atractivos tur\u00edsticos.","publisher":{"@id":"https:\/\/hotelvia45centro.com\/#organization"},"potentialAction":[{"@type":"SearchAction","target":{"@type":"EntryPoint","urlTemplate":"https:\/\/hotelvia45centro.com\/?s={search_term_string}"},"query-input":{"@type":"PropertyValueSpecification","valueRequired":true,"valueName":"search_term_string"}}],"inLanguage":"en-US"},{"@type":"Organization","@id":"https:\/\/hotelvia45centro.com\/#organization","name":"Hotel Via 45 Centro","url":"https:\/\/hotelvia45centro.com\/","logo":{"@type":"ImageObject","inLanguage":"en-US","@id":"https:\/\/hotelvia45centro.com\/#\/schema\/logo\/image\/","url":"https:\/\/hotelvia45centro.com\/wp-content\/uploads\/2025\/07\/logo-hotel-via-45-centro-azul.png","contentUrl":"https:\/\/hotelvia45centro.com\/wp-content\/uploads\/2025\/07\/logo-hotel-via-45-centro-azul.png","width":717,"height":344,"caption":"Hotel Via 45 Centro"},"image":{"@id":"https:\/\/hotelvia45centro.com\/#\/schema\/logo\/image\/"},"sameAs":["https:\/\/www.facebook.com\/hotelvia45centro","https:\/\/www.instagram.com\/hotelvia45centro\/"]}]}},"_links":{"self":[{"href":"https:\/\/hotelvia45centro.com\/en\/wp-json\/wp\/v2\/mphb_room_type\/178","targetHints":{"allow":["GET"]}}],"collection":[{"href":"https:\/\/hotelvia45centro.com\/en\/wp-json\/wp\/v2\/mphb_room_type"}],"about":[{"href":"https:\/\/hotelvia45centro.com\/en\/wp-json\/wp\/v2\/types\/mphb_room_type"}],"wp:featuredmedia":[{"embeddable":true,"href":"https:\/\/hotelvia45centro.com\/en\/wp-json\/wp\/v2\/media\/548"}],"wp:attachment":[{"href":"https:\/\/hotelvia45centro.com\/en\/wp-json\/wp\/v2\/media?parent=178"}],"wp:term":[{"taxonomy":"mphb_room_type_category","embeddable":true,"href":"https:\/\/hotelvia45centro.com\/en\/wp-json\/wp\/v2\/mphb_room_type_category?post=178"},{"taxonomy":"mphb_room_type_tag","embeddable":true,"href":"https:\/\/hotelvia45centro.com\/en\/wp-json\/wp\/v2\/mphb_room_type_tag?post=178"},{"taxonomy":"mphb_room_type_facility","embeddable":true,"href":"https:\/\/hotelvia45centro.com\/en\/wp-json\/wp\/v2\/mphb_room_type_facility?post=178"}],"curies":[{"name":"wp","href":"https:\/\/api.w.org\/{rel}","templated":true}]}}